{"id":143,"date":"2016-07-15T08:32:51","date_gmt":"2016-07-15T08:32:51","guid":{"rendered":"http:\/\/sw-themes.com\/porto_dummy\/?page_id=143"},"modified":"2024-07-01T11:20:29","modified_gmt":"2024-07-01T11:20:29","slug":"home","status":"publish","type":"page","link":"https:\/\/www.alvegest.com\/web\/","title":{"rendered":"Inicio"},"content":{"rendered":"<p>[vc_row content_placement=\u00bbmiddle\u00bb remove_margin_top=\u00bbyes\u00bb remove_margin_bottom=\u00bbyes\u00bb remove_padding_top=\u00bbyes\u00bb remove_padding_bottom=\u00bbyes\u00bb remove_border=\u00bbyes\u00bb css=\u00bb.vc_custom_1512072306203{margin-top: 0px !important;margin-right: 0px !important;margin-bottom: 0px !important;margin-left: 0px !important;border-top-width: 0px !important;border-right-width: 0px !important;border-bottom-width: 0px !important;border-left-width: 0px !important;padding-top: 0px !important;padding-right: 0px !important;padding-bottom: 0px !important;padding-left: 0px !important;background-color: #10b2e5 !important;border-left-color: #ffffff !important;border-right-color: #ffffff !important;border-top-color: #ffffff !important;border-bottom-color: #ffffff !important;}\u00bb][vc_column][vc_single_image image=\u00bb788&#8243; img_size=\u00bbfull\u00bb alignment=\u00bbright\u00bb onclick=\u00bbcustom_link\u00bb link=\u00bbhttps:\/\/despacho.alvegest.com\/\u00bb css=\u00bb.vc_custom_1719832822290{margin-top: 0px !important;margin-right: 0px !important;margin-bottom: 0px !important;margin-left: 0px !important;border-top-width: 0px !important;border-right-width: 0px !important;border-bottom-width: 0px !important;border-left-width: 0px !important;padding-top: 0px !important;padding-right: 0px !important;padding-bottom: 0px !important;padding-left: 0px !important;}\u00bb label=\u00bb\u00bb][\/vc_column][\/vc_row][vc_row wrap_container=\u00bbyes\u00bb][vc_column width=\u00bb1\/4&#8243;][vc_single_image image=\u00bb1018&#8243; img_size=\u00bb224&#215;122&#8243; alignment=\u00bbcenter\u00bb onclick=\u00bbcustom_link\u00bb css=\u00bb.vc_custom_1719832619575{margin-top: 40px !important;}\u00bb link=\u00bbhttps:\/\/despacho.alvegest.com\/\u00bb][\/vc_column][vc_column width=\u00bb1\/4&#8243;][vc_single_image image=\u00bb800&#8243; img_size=\u00bb305&#215;175&#8243; alignment=\u00bbcenter\u00bb css=\u00bb.vc_custom_1512733256011{margin-top: 40px !important;}\u00bb][\/vc_column][vc_column width=\u00bb2\/4&#8243;][vc_custom_heading text=\u00bbQuienes somos\u00bb use_theme_fonts=\u00bbyes\u00bb el_class=\u00bbm-t-md m-b-none\u00bb][vc_column_text el_class=\u00bblead m-b-none\u00bb]<\/p>\n<p class=\"p1\"><span class=\"s1\">Alvegest &#8211; Administraci\u00f3n de fincas<\/span><\/p>\n<p>[\/vc_column_text][vc_column_text el_class=\u00bbm-t-md m-b-none\u00bb]<\/p>\n<p class=\"p1\"><span class=\"s1\">Nuestra empresa est\u00e1 integrada por Abogados y Administradores de Fincas, con una dilatada experiencia profesional, que acumulan m\u00e1s de 25 a\u00f1os siendo l\u00edderes en el sector de la Administraci\u00f3n de Fincas en la Regi\u00f3n de Murcia.<\/span><\/p>\n<p><a href=\"https:\/\/alvegest.com\/web\/conocenos\/\">Saber m\u00e1s \u00bb<\/a>[\/vc_column_text][\/vc_column][\/vc_row][vc_row css=\u00bb.vc_custom_1512646840100{padding-top: 40px !important;padding-bottom: 20px !important;}\u00bb][vc_column][vc_separator color=\u00bbcustom\u00bb el_width=\u00bb60&#8243; accent_color=\u00bb#00b5e1&#8243;][\/vc_column][\/vc_row][vc_row gap=\u00bb20&#8243; wrap_container=\u00bbyes\u00bb text_align=\u00bbcenter\u00bb][vc_column width=\u00bb1\/4&#8243; text_align=\u00bbcenter\u00bb][vc_single_image image=\u00bb673&#8243; img_size=\u00bb231&#215;173&#8243; alignment=\u00bbcenter\u00bb style=\u00bbvc_box_rounded\u00bb onclick=\u00bbcustom_link\u00bb link=\u00bbservicios\/abogados\/\u00bb][\/vc_column][vc_column width=\u00bb1\/4&#8243;][vc_single_image image=\u00bb672&#8243; img_size=\u00bb231&#215;173&#8243; alignment=\u00bbcenter\u00bb onclick=\u00bbcustom_link\u00bb link=\u00bbservicios\/comunidades\u00bb][\/vc_column][vc_column width=\u00bb1\/4&#8243;][vc_single_image image=\u00bb674&#8243; img_size=\u00bb231&#215;173&#8243; alignment=\u00bbcenter\u00bb onclick=\u00bbcustom_link\u00bb link=\u00bbinmobiliaria\u00bb][\/vc_column][vc_column width=\u00bb1\/4&#8243;][vc_single_image image=\u00bb675&#8243; img_size=\u00bb231&#215;173&#8243; alignment=\u00bbcenter\u00bb onclick=\u00bbcustom_link\u00bb link=\u00bbcontacto\/\u00bb][\/vc_column][\/vc_row][vc_row wrap_container=\u00bbyes\u00bb is_section=\u00bbyes\u00bb section_skin=\u00bbtertiary\u00bb remove_margin_top=\u00bbyes\u00bb remove_margin_bottom=\u00bbyes\u00bb remove_border=\u00bbyes\u00bb el_class=\u00bbsection-custom-construction\u00bb][vc_column][vc_custom_heading text=\u00bbServicios\u00bb use_theme_fonts=\u00bbyes\u00bb el_class=\u00bbm-t-md m-b-none\u00bb css=\u00bb.vc_custom_1511813654452{margin-top: 0px !important;margin-right: 0px !important;margin-bottom: 0px !important;margin-left: 0px !important;border-top-width: 0px !important;border-right-width: 0px !important;border-bottom-width: 0px !important;border-left-width: 0px !important;padding-top: 0px !important;padding-right: 0px !important;padding-bottom: 0px !important;padding-left: 0px !important;}\u00bb][vc_column_text el_class=\u00bblead m-b-xl\u00bb]<\/p>\n<p class=\"p1\"><span class=\"s1\">En qu\u00e9 podemos ayudarte?<\/span><\/p>\n<p>[\/vc_column_text][vc_row_inner][vc_column_inner width=\u00bb1\/2&#8243; animation_type=\u00bbfadeInUp\u00bb]<div class=\"porto-sicon-wrapper style_1\"><div class=\"porto-sicon-box left-icon\" style=\"\"  ><div class=\"porto-sicon-body\"><div class=\"porto-sicon-header\" ><h3 class=\"porto-sicon-title\" style=\"font-size:20px;\">Comunidades<\/h3><\/div> <!-- header --><div class=\"porto-sicon-description\" style=\"\">Gestionamos todas las situaciones a lo largo de la vida de su comunidad. Contabilidad y control de gastos, convocatoria de juntas, asesoramiento jur\u00eddico, elaboraci\u00f3n de informes\u2026<a class=\"porto-sicon-read xx\" href=\"http:\/\/alvegest.com\/comunidades\"   >Saber m\u00e1s&nbsp;&raquo;<\/a><\/div> <!-- description --><\/div><\/div> <!-- porto-sicon-box --><\/div>[\/vc_column_inner][vc_column_inner width=\u00bb1\/2&#8243; animation_delay=\u00bb300&#8243; animation_type=\u00bbfadeInUp\u00bb]<div class=\"porto-sicon-wrapper style_1\"><div class=\"porto-sicon-box left-icon\" style=\"\"  ><div class=\"porto-sicon-body\"><div class=\"porto-sicon-header\" ><h3 class=\"porto-sicon-title\" style=\"font-size:20px;\">Abogados<\/h3><\/div> <!-- header --><div class=\"porto-sicon-description\" style=\"\">\n<p class=\"p1\">Un grupo de profesionales titulados en Derecho y Administradores de Fincas, aportar\u00e1n las soluciones para aquellas cuestiones jur\u00eddicas que surjan en el d\u00eda a d\u00eda de su Comunidad de propietarios.<\/p>\n<p><a class=\"porto-sicon-read xx\" href=\"http:\/\/alvegest.com\/abogados\"   >Saber m\u00e1s&nbsp;&raquo;<\/a><\/div> <!-- description --><\/div><\/div> <!-- porto-sicon-box --><\/div>[\/vc_column_inner][\/vc_row_inner][vc_row_inner][vc_column_inner width=\u00bb1\/2&#8243; animation_type=\u00bbfadeInUp\u00bb]<div class=\"porto-sicon-wrapper style_1\"><div class=\"porto-sicon-box left-icon\" style=\"\"  ><div class=\"porto-sicon-body\"><div class=\"porto-sicon-header\" ><h3 class=\"porto-sicon-title\" style=\"font-size:20px;\">Cooperativas<\/h3><\/div> <!-- header --><div class=\"porto-sicon-description\" style=\"\">\n<p class=\"p1\">Como Entidad Gestora en Cooperativas de Viviendas o Administradores en Comunidades de Propietarios constituidas en r\u00e9gimen de construcci\u00f3n, abarca desde la constituci\u00f3n hasta la liquidaci\u00f3n final.<\/p>\n<p><a class=\"porto-sicon-read xx\" href=\"http:\/\/alvegest.com\/cooperativas\"   >Saber m\u00e1s&nbsp;&raquo;<\/a><\/div> <!-- description --><\/div><\/div> <!-- porto-sicon-box --><\/div>[\/vc_column_inner][vc_column_inner width=\u00bb1\/2&#8243; animation_delay=\u00bb300&#8243; animation_type=\u00bbfadeInUp\u00bb]<div class=\"porto-sicon-wrapper style_1\"><div class=\"porto-sicon-box left-icon\" style=\"\"  ><div class=\"porto-sicon-body\"><div class=\"porto-sicon-header\" ><h3 class=\"porto-sicon-title\" style=\"font-size:20px;\">Inmobiliaria<\/h3><\/div> <!-- header --><div class=\"porto-sicon-description\" style=\"\">\n<p class=\"p1\">Adem\u00e1s de los servicios propios de intermediaci\u00f3n inmobiliaria, podremos prestarle asesoramiento a propietarios, actualizaci\u00f3n de contratos, cobro de recibos, procedimientos judiciales\u2026<\/p>\n<p><a class=\"porto-sicon-read xx\" href=\"http:\/\/alvegest.com\/inmobiliaria\"   >Saber m\u00e1s&nbsp;&raquo;<\/a><\/div> <!-- description --><\/div><\/div> <!-- porto-sicon-box --><\/div>[\/vc_column_inner][\/vc_row_inner][\/vc_column][\/vc_row][vc_row css=\u00bb.vc_custom_1511813945899{margin-top: 0px !important;margin-right: 0px !important;margin-bottom: 0px !important;margin-left: 0px !important;border-top-width: 0px !important;border-right-width: 0px !important;border-bottom-width: 0px !important;border-left-width: 0px !important;padding-top: 80px !important;padding-right: 0px !important;padding-bottom: 80px !important;padding-left: 0px !important;background-color: #00b5e1 !important;border-left-color: #ffffff !important;border-right-color: #ffffff !important;border-top-color: #ffffff !important;border-bottom-color: #ffffff !important;}\u00bb][vc_column][vc_custom_heading text=\u00bbSolicita presupuesto sin compromiso\u00bb font_container=\u00bbtag:h1|font_size:32|text_align:center|color:%23ffffff|line_height:38px\u00bb google_fonts=\u00bbfont_family:Open%20Sans%3A300%2C300italic%2Cregular%2Citalic%2C600%2C600italic%2C700%2C700italic%2C800%2C800italic|font_style:600%20bold%20regular%3A600%3Anormal\u00bb][vc_custom_heading text=\u00bbSolicita presupuesto ahora para cualquiera de nuestros servicios\u00bb font_container=\u00bbtag:h2|font_size:14px|text_align:center|color:%232e5062|line_height:18px\u00bb google_fonts=\u00bbfont_family:Open%20Sans%3A300%2C300italic%2Cregular%2Citalic%2C600%2C600italic%2C700%2C700italic%2C800%2C800italic|font_style:400%20regular%3A400%3Anormal\u00bb css=\u00bb.vc_custom_1512733608077{padding-top: 10px !important;}\u00bb][vc_btn title=\u00bbSOLICITA PRESUPUESTO\u00bb style=\u00bbflat\u00bb color=\u00bbwhite\u00bb size=\u00bblg\u00bb align=\u00bbcenter\u00bb link=\u00bburl:https%3A%2F%2Falvegest.com%2Fweb%2Fsolicitud-de-presupuesto%2F|||\u00bb][\/vc_column][\/vc_row][vc_row wrap_container=\u00bbyes\u00bb is_section=\u00bbyes\u00bb css=\u00bb.vc_custom_1511813445096{margin-top: 0px !important;margin-right: 0px !important;margin-bottom: 0px !important;margin-left: 0px !important;border-top-width: 0px !important;border-right-width: 0px !important;border-bottom-width: 0px !important;border-left-width: 0px !important;padding-top: 20px !important;padding-right: 0px !important;padding-bottom: 0px !important;padding-left: 0px !important;background-color: #ffffff !important;}\u00bb][vc_column][vc_custom_heading text=\u00bbBlog\u00bb use_theme_fonts=\u00bbyes\u00bb el_class=\u00bbm-t-md m-b-none\u00bb][vc_column_text el_class=\u00bblead m-b-xl\u00bb]Alvegest al d\u00eda[\/vc_column_text]<div class=\"porto-recent-posts wpb_content_element \">    <div class=\"row\">\n        <div class=\"post-carousel porto-carousel owl-carousel\" data-plugin-options=\"{&quot;themeConfig&quot;:true,&quot;lg&quot;:3,&quot;md&quot;:3,&quot;sm&quot;:2}\">\n            <div class=\"post-slide\"><div class=\"post-item post-title-simple\">\n    <a href=\"https:\/\/www.alvegest.com\/web\/normativa-para-la-instalacion-de-punto-de-recarga-de-vehiculos-electricos-en-comunidades-de-propietarios\/\"> <span class=\"post-image thumb-info thumb-info-hide-wrapper-bg m-b-md\"> <span class=\"thumb-info-wrapper\"> <img loading=\"lazy\" decoding=\"async\" class=\"img-responsive\" width=\"450\" height=\"232\" src=\"https:\/\/www.alvegest.com\/web\/wp-content\/uploads\/2025\/11\/puntorecarga-imagen-450x232.jpg\" alt=\"\" \/>\n    <span class=\"zoom\" data-src=\"https:\/\/www.alvegest.com\/web\/wp-content\/uploads\/2025\/11\/puntorecarga-imagen.jpg\" data-title=\"\"><i class=\"fa fa-search\"><\/i><\/span>\n    <\/span> <\/span> <\/a>\n    <div class=\"post-date\">\n        <span class=\"day\">27<\/span>\n    <span class=\"month\">Nov<\/span>\n      <\/div>\n    <h4 class=\"title-short\"><a href=\"https:\/\/www.alvegest.com\/web\/normativa-para-la-instalacion-de-punto-de-recarga-de-vehiculos-electricos-en-comunidades-de-propietarios\/\">\n    NORMATIVA PARA LA INSTALACION DE PUNTO DE RECARGA DE VEHICULOS ELECTRICOS EN COMUNIDADES DE PROPIETARIOS    <\/a><\/h4>\n  <p class=\"author-name\">By    <a href=\"https:\/\/www.alvegest.com\/web\/author\/carlos\/\" title=\"Entradas de Carlos Ant\u00f3n\" rel=\"author\">Carlos Ant\u00f3n<\/a>  <\/p>\n    <p>IRVE. INFRAESTRUCTURA DE RECARGA DE VEH\u00cdCULOS EL\u00c9CTRICOS EN GARAJES COMUNITARIOS.<br \/>\nNO ES UN DERECHO ABSOLUTO, EL PROPIETARIO E INSTALADOR TIENEN&#8230; <\/p>\n <a class=\"read-more\" href=\"https:\/\/www.alvegest.com\/web\/normativa-para-la-instalacion-de-punto-de-recarga-de-vehiculos-electricos-en-comunidades-de-propietarios\/\">read more <i class=\"fa fa-angle-right\"><\/i><\/a> <\/div>\n<\/div><div class=\"post-slide\"><div class=\"post-item post-title-simple\">\n    <a href=\"https:\/\/www.alvegest.com\/web\/a-partir-del-15-2-2024-los-canales-de-tv-pasan-a-hd-informacion-de-fenitel\/\"> <span class=\"post-image thumb-info thumb-info-hide-wrapper-bg m-b-md\"> <span class=\"thumb-info-wrapper\"> <img loading=\"lazy\" decoding=\"async\" class=\"img-responsive\" width=\"450\" height=\"232\" src=\"https:\/\/www.alvegest.com\/web\/wp-content\/uploads\/2024\/02\/FOLLETO_APAGO\u0301N-SD_001-1-450x232.jpg\" alt=\"\" \/>\n    <span class=\"zoom\" data-src=\"https:\/\/www.alvegest.com\/web\/wp-content\/uploads\/2024\/02\/FOLLETO_APAGO\u0301N-SD_001-1.jpg\" data-title=\"\"><i class=\"fa fa-search\"><\/i><\/span>\n    <\/span> <\/span> <\/a>\n    <div class=\"post-date\">\n        <span class=\"day\">09<\/span>\n    <span class=\"month\">Feb<\/span>\n      <\/div>\n    <h4 class=\"title-short\"><a href=\"https:\/\/www.alvegest.com\/web\/a-partir-del-15-2-2024-los-canales-de-tv-pasan-a-hd-informacion-de-fenitel\/\">\n    A PARTIR DEL 15-2-2024 LOS CANALES DE TV PASAN A HD    <\/a><\/h4>\n  <p class=\"author-name\">By    <a href=\"https:\/\/www.alvegest.com\/web\/author\/carlos\/\" title=\"Entradas de Carlos Ant\u00f3n\" rel=\"author\">Carlos Ant\u00f3n<\/a>  <\/p>\n    <p>\u00bfQu\u00e9 cambios se avecinan en la TDT?<br \/>\nDe acuerdo con el Real Decreto 16\/2023 del 17 de enero, desaparecen todos&#8230; <\/p>\n <a class=\"read-more\" href=\"https:\/\/www.alvegest.com\/web\/a-partir-del-15-2-2024-los-canales-de-tv-pasan-a-hd-informacion-de-fenitel\/\">read more <i class=\"fa fa-angle-right\"><\/i><\/a> <\/div>\n<\/div><div class=\"post-slide\"><div class=\"post-item post-title-simple\">\n    <a href=\"https:\/\/www.alvegest.com\/web\/modificacion-lph-y-otras-medidas-que-afectan-a-las-comunidades-de-propietarios-segun-rdl-82023\/\"> <span class=\"post-image thumb-info thumb-info-hide-wrapper-bg m-b-md\"> <span class=\"thumb-info-wrapper\"> <img loading=\"lazy\" decoding=\"async\" class=\"img-responsive\" width=\"450\" height=\"232\" src=\"https:\/\/www.alvegest.com\/web\/wp-content\/uploads\/2024\/01\/Real-Decreto-ley-8-2023-450x232.png\" alt=\"\" \/>\n    <span class=\"zoom\" data-src=\"https:\/\/www.alvegest.com\/web\/wp-content\/uploads\/2024\/01\/Real-Decreto-ley-8-2023.png\" data-title=\"\"><i class=\"fa fa-search\"><\/i><\/span>\n    <\/span> <\/span> <\/a>\n    <div class=\"post-date\">\n        <span class=\"day\">10<\/span>\n    <span class=\"month\">Ene<\/span>\n      <\/div>\n    <h4 class=\"title-short\"><a href=\"https:\/\/www.alvegest.com\/web\/modificacion-lph-y-otras-medidas-que-afectan-a-las-comunidades-de-propietarios-segun-rdl-82023\/\">\n    Modificaci\u00f3n LPH y otras medidas que afectan a las Comunidades de Propietarios, segun RDL 8\/2023    <\/a><\/h4>\n  <p class=\"author-name\">By    <a href=\"https:\/\/www.alvegest.com\/web\/author\/carlos\/\" title=\"Entradas de Carlos Ant\u00f3n\" rel=\"author\">Carlos Ant\u00f3n<\/a>  <\/p>\n    <p>El Real Decreto-ley 8\/2023, de 27 de diciembre, estableci\u00f3 medidas para afrontar las consecuencias econ\u00f3micas y sociales derivadas de&#8230; <\/p>\n <a class=\"read-more\" href=\"https:\/\/www.alvegest.com\/web\/modificacion-lph-y-otras-medidas-que-afectan-a-las-comunidades-de-propietarios-segun-rdl-82023\/\">read more <i class=\"fa fa-angle-right\"><\/i><\/a> <\/div>\n<\/div>        <\/div>\n    <\/div>\n    <\/div>[\/vc_column][\/vc_row]<\/p>\n","protected":false},"excerpt":{"rendered":"<p>[vc_row content_placement=\u00bbmiddle\u00bb remove_margin_top=\u00bbyes\u00bb remove_margin_bottom=\u00bbyes\u00bb remove_padding_top=\u00bbyes\u00bb remove_padding_bottom=\u00bbyes\u00bb remove_border=\u00bbyes\u00bb css=\u00bb.vc_custom_1512072306203{margin-top: 0px !important;margin-right: 0px !important;margin-bottom: 0px !important;margin-left: 0px !important;border-top-width: 0px !important;border-right-width: 0px !important;border-bottom-width: 0px !important;border-left-width: 0px !important;padding-top: 0px !important;padding-right: 0px !important;padding-bottom: 0px !important;padding-left: 0px !important;background-color: #10b2e5 !important;border-left-color: #ffffff !important;border-right-color: #ffffff !important;border-top-color: #ffffff !important;border-bottom-color: #ffffff !important;}\u00bb][vc_column][vc_single_image image=\u00bb788&#8243; img_size=\u00bbfull\u00bb alignment=\u00bbright\u00bb onclick=\u00bbcustom_link\u00bb link=\u00bbhttps:\/\/despacho.alvegest.com\/\u00bb css=\u00bb.vc_custom_1719832822290{margin-top: 0px !important;margin-right: 0px !important;margin-bottom: 0px !important;margin-left: 0px [&hellip;]<\/p>\n","protected":false},"author":1,"featured_media":0,"parent":0,"menu_order":0,"comment_status":"closed","ping_status":"closed","template":"","meta":{"footnotes":""},"_links":{"self":[{"href":"https:\/\/www.alvegest.com\/web\/wp-json\/wp\/v2\/pages\/143"}],"collection":[{"href":"https:\/\/www.alvegest.com\/web\/wp-json\/wp\/v2\/pages"}],"about":[{"href":"https:\/\/www.alvegest.com\/web\/wp-json\/wp\/v2\/types\/page"}],"author":[{"embeddable":true,"href":"https:\/\/www.alvegest.com\/web\/wp-json\/wp\/v2\/users\/1"}],"replies":[{"embeddable":true,"href":"https:\/\/www.alvegest.com\/web\/wp-json\/wp\/v2\/comments?post=143"}],"version-history":[{"count":118,"href":"https:\/\/www.alvegest.com\/web\/wp-json\/wp\/v2\/pages\/143\/revisions"}],"predecessor-version":[{"id":1338,"href":"https:\/\/www.alvegest.com\/web\/wp-json\/wp\/v2\/pages\/143\/revisions\/1338"}],"wp:attachment":[{"href":"https:\/\/www.alvegest.com\/web\/wp-json\/wp\/v2\/media?parent=143"}],"curies":[{"name":"wp","href":"https:\/\/api.w.org\/{rel}","templated":true}]}}